{"id":1519,"date":"2022-03-18T06:02:49","date_gmt":"2022-03-18T06:02:49","guid":{"rendered":"https:\/\/www.santosmolduras.pt\/la-casa\/"},"modified":"2022-05-17T13:22:01","modified_gmt":"2022-05-17T13:22:01","slug":"la-casa","status":"publish","type":"page","link":"https:\/\/www.santosmolduras.pt\/es\/la-casa\/","title":{"rendered":"La casa"},"content":{"rendered":"\t\t<div data-elementor-type=\"wp-page\" data-elementor-id=\"1519\" class=\"elementor elementor-1519 elementor-105\">\n\t\t\t\t\t\t\t\t\t<section class=\"elementor-section elementor-top-section elementor-element elementor-element-caccc02 tituloContato elementor-section-boxed elementor-section-height-default elementor-section-height-default qodef-elementor-content-no qodef-elementor-overlay-no\" data-id=\"caccc02\" data-element_type=\"section\">\n\t\t\t\t\t\t<div class=\"elementor-container elementor-column-gap-default\">\n\t\t\t\t\t<div class=\"elementor-column elementor-col-100 elementor-top-column elementor-element elementor-element-2e12cb6\" data-id=\"2e12cb6\" data-element_type=\"column\">\n\t\t\t<div class=\"elementor-widget-wrap elementor-element-populated\">\n\t\t\t\t\t\t\t\t<div class=\"elementor-element elementor-element-0390152 elementor-widget elementor-widget-heading\" data-id=\"0390152\" data-element_type=\"widget\" data-widget_type=\"heading.default\">\n\t\t\t\t<div class=\"elementor-widget-container\">\n\t\t\t<style>\/*! elementor - v3.8.1 - 13-11-2022 *\/\n.elementor-heading-title{padding:0;margin:0;line-height:1}.elementor-widget-heading .elementor-heading-title[class*=elementor-size-]>a{color:inherit;font-size:inherit;line-height:inherit}.elementor-widget-heading .elementor-heading-title.elementor-size-small{font-size:15px}.elementor-widget-heading .elementor-heading-title.elementor-size-medium{font-size:19px}.elementor-widget-heading .elementor-heading-title.elementor-size-large{font-size:29px}.elementor-widget-heading .elementor-heading-title.elementor-size-xl{font-size:39px}.elementor-widget-heading .elementor-heading-title.elementor-size-xxl{font-size:59px}<\/style><h2 class=\"elementor-heading-title elementor-size-default\"> La casa<\/h2>\t\t<\/div>\n\t\t\t\t<\/div>\n\t\t\t\t\t<\/div>\n\t\t<\/div>\n\t\t\t\t\t\t\t<\/div>\n\t\t<\/section>\n\t\t\t\t<section class=\"elementor-section elementor-top-section elementor-element elementor-element-bbceb16 elementor-section-full_width elementor-section-stretched conteudoContato elementor-section-height-default elementor-section-height-default qodef-elementor-content-no qodef-elementor-overlay-no\" data-id=\"bbceb16\" data-element_type=\"section\" data-settings=\"{&quot;stretch_section&quot;:&quot;section-stretched&quot;}\">\n\t\t\t\t\t\t<div class=\"elementor-container elementor-column-gap-no\">\n\t\t\t\t\t<div class=\"elementor-column elementor-col-100 elementor-top-column elementor-element elementor-element-33955b3\" data-id=\"33955b3\" data-element_type=\"column\">\n\t\t\t<div class=\"elementor-widget-wrap elementor-element-populated\">\n\t\t\t\t\t\t\t\t<div class=\"elementor-element elementor-element-73d0f72 elementor-widget elementor-widget-image\" data-id=\"73d0f72\" data-element_type=\"widget\" data-widget_type=\"image.default\">\n\t\t\t\t<div class=\"elementor-widget-container\">\n\t\t\t<style>\/*! elementor - v3.8.1 - 13-11-2022 *\/\n.elementor-widget-image{text-align:center}.elementor-widget-image a{display:inline-block}.elementor-widget-image a img[src$=\".svg\"]{width:48px}.elementor-widget-image img{vertical-align:middle;display:inline-block}<\/style>\t\t\t\t\t\t\t\t\t\t\t\t<img decoding=\"async\" src=\"https:\/\/wp.webcomum.com\/santoseirmaos\/wp-content\/uploads\/2022\/03\/Rectangle-229@2x.png\" title=\"\" alt=\"\" \/>\t\t\t\t\t\t\t\t\t\t\t\t\t\t\t<\/div>\n\t\t\t\t<\/div>\n\t\t\t\t\t<\/div>\n\t\t<\/div>\n\t\t\t\t\t\t\t<\/div>\n\t\t<\/section>\n\t\t\t\t<section class=\"elementor-section elementor-top-section elementor-element elementor-element-c345b6b elementor-section-stretched elementor-section-boxed elementor-section-height-default elementor-section-height-default qodef-elementor-content-no qodef-elementor-overlay-no\" data-id=\"c345b6b\" data-element_type=\"section\" data-settings=\"{&quot;stretch_section&quot;:&quot;section-stretched&quot;}\">\n\t\t\t\t\t\t<div class=\"elementor-container elementor-column-gap-default\">\n\t\t\t\t\t<div class=\"elementor-column elementor-col-100 elementor-top-column elementor-element elementor-element-d20b64a\" data-id=\"d20b64a\" data-element_type=\"column\">\n\t\t\t<div class=\"elementor-widget-wrap elementor-element-populated\">\n\t\t\t\t\t\t\t\t<section class=\"elementor-section elementor-inner-section elementor-element elementor-element-fd265d3 elementor-section-boxed elementor-section-height-default elementor-section-height-default qodef-elementor-content-no qodef-elementor-overlay-no\" data-id=\"fd265d3\" data-element_type=\"section\">\n\t\t\t\t\t\t<div class=\"elementor-container elementor-column-gap-default\">\n\t\t\t\t\t<div class=\"elementor-column elementor-col-50 elementor-inner-column elementor-element elementor-element-4b7d7aa\" data-id=\"4b7d7aa\" data-element_type=\"column\">\n\t\t\t<div class=\"elementor-widget-wrap elementor-element-populated\">\n\t\t\t\t\t\t\t\t<div class=\"elementor-element elementor-element-888ef44 elementor-widget elementor-widget-heading\" data-id=\"888ef44\" data-element_type=\"widget\" data-widget_type=\"heading.default\">\n\t\t\t\t<div class=\"elementor-widget-container\">\n\t\t\t<h2 class=\"elementor-heading-title elementor-size-default\">HISTORIA<\/h2>\t\t<\/div>\n\t\t\t\t<\/div>\n\t\t\t\t<div class=\"elementor-element elementor-element-44a2eac elementor-widget elementor-widget-heading\" data-id=\"44a2eac\" data-element_type=\"widget\" data-widget_type=\"heading.default\">\n\t\t\t\t<div class=\"elementor-widget-container\">\n\t\t\t<h2 class=\"elementor-heading-title elementor-size-default\">Durante m\u00e1s de un siglo y medio de existencia, nuestra tienda y taller jug\u00f3 un papel decisivo y agregador en el entorno art\u00edstico de la ciudad de Oporto y de todo el norte de Portugal.<\/h2>\t\t<\/div>\n\t\t\t\t<\/div>\n\t\t\t\t<div class=\"elementor-element elementor-element-e0d3e5b elementor-widget elementor-widget-heading\" data-id=\"e0d3e5b\" data-element_type=\"widget\" data-widget_type=\"heading.default\">\n\t\t\t\t<div class=\"elementor-widget-container\">\n\t\t\t<h2 class=\"elementor-heading-title elementor-size-default\">Frecuentado por artistas de renombre, hubo varios modelos de marcos dise\u00f1ados por ellos para su trabajo, entre los artistas que m\u00e1s se destacan est\u00e1n Marques de Oliveira, Ant\u00f3nio Carneiro, Henrique Medina, Fernando Lanhas y Noronha da Costa.\n<br><br>El conocimiento de las t\u00e9cnicas de fabricaci\u00f3n de marcos y restauraci\u00f3n de obras de arte ha pasado de maestro a aprendiz desde nuestra fundaci\u00f3n para que hoy usted pueda disfrutar de productos atestiguados por el tiempo.<br><br>Actualmente somos la tienda de marcos m\u00e1s antigua del mundo.<\/h2>\t\t<\/div>\n\t\t\t\t<\/div>\n\t\t\t\t<div class=\"elementor-element elementor-element-bc5ff09 elementor-widget__width-auto btnHistoria elementor-widget elementor-widget-button\" data-id=\"bc5ff09\" data-element_type=\"widget\" data-widget_type=\"button.default\">\n\t\t\t\t<div class=\"elementor-widget-container\">\n\t\t\t\t\t<div class=\"elementor-button-wrapper\">\n\t\t\t<a href=\"https:\/\/www.santosmolduras.pt\/es\/testimonios\/\" class=\"elementor-button-link elementor-button elementor-size-sm\" role=\"button\">\n\t\t\t\t\t\t<span class=\"elementor-button-content-wrapper\">\n\t\t\t\t\t\t<span class=\"elementor-button-text\">TESTIMONIOS<\/span>\n\t\t<\/span>\n\t\t\t\t\t<\/a>\n\t\t<\/div>\n\t\t\t\t<\/div>\n\t\t\t\t<\/div>\n\t\t\t\t<div class=\"elementor-element elementor-element-6be9c7b elementor-align-left elementor-widget__width-auto btnHistoria elementor-widget elementor-widget-button\" data-id=\"6be9c7b\" data-element_type=\"widget\" data-widget_type=\"button.default\">\n\t\t\t\t<div class=\"elementor-widget-container\">\n\t\t\t\t\t<div class=\"elementor-button-wrapper\">\n\t\t\t<a href=\"https:\/\/www.santosmolduras.pt\/es\/portafolios\/\" class=\"elementor-button-link elementor-button elementor-size-sm\" role=\"button\">\n\t\t\t\t\t\t<span class=\"elementor-button-content-wrapper\">\n\t\t\t\t\t\t<span class=\"elementor-button-text\">PORTAFOLIO<\/span>\n\t\t<\/span>\n\t\t\t\t\t<\/a>\n\t\t<\/div>\n\t\t\t\t<\/div>\n\t\t\t\t<\/div>\n\t\t\t\t\t<\/div>\n\t\t<\/div>\n\t\t\t\t<div class=\"elementor-column elementor-col-50 elementor-inner-column elementor-element elementor-element-b8f5b15\" data-id=\"b8f5b15\" data-element_type=\"column\">\n\t\t\t<div class=\"elementor-widget-wrap elementor-element-populated\">\n\t\t\t\t\t\t\t\t<div class=\"elementor-element elementor-element-7a6494e elementor-widget elementor-widget-image\" data-id=\"7a6494e\" data-element_type=\"widget\" data-widget_type=\"image.default\">\n\t\t\t\t<div class=\"elementor-widget-container\">\n\t\t\t\t\t\t\t\t\t\t\t\t\t\t\t<img loading=\"lazy\" decoding=\"async\" width=\"195\" height=\"300\" src=\"https:\/\/www.santosmolduras.pt\/wp-content\/uploads\/2022\/03\/santos-oficina-1@2x-195x300.png\" class=\"attachment-medium size-medium\" alt=\"\" srcset=\"https:\/\/www.santosmolduras.pt\/wp-content\/uploads\/2022\/03\/santos-oficina-1@2x-195x300.png 195w, https:\/\/www.santosmolduras.pt\/wp-content\/uploads\/2022\/03\/santos-oficina-1@2x-600x922.png 600w, https:\/\/www.santosmolduras.pt\/wp-content\/uploads\/2022\/03\/santos-oficina-1@2x.png 614w\" sizes=\"auto, (max-width: 195px) 100vw, 195px\" \/>\t\t\t\t\t\t\t\t\t\t\t\t\t\t\t<\/div>\n\t\t\t\t<\/div>\n\t\t\t\t\t<\/div>\n\t\t<\/div>\n\t\t\t\t\t\t\t<\/div>\n\t\t<\/section>\n\t\t\t\t<section class=\"elementor-section elementor-inner-section elementor-element elementor-element-0dd9cb3 elementor-section-boxed elementor-section-height-default elementor-section-height-default qodef-elementor-content-no qodef-elementor-overlay-no\" data-id=\"0dd9cb3\" data-element_type=\"section\">\n\t\t\t\t\t\t<div class=\"elementor-container elementor-column-gap-wider\">\n\t\t\t\t\t<div class=\"elementor-column elementor-col-50 elementor-inner-column elementor-element elementor-element-4a724a8\" data-id=\"4a724a8\" data-element_type=\"column\" id=\"linhaTempo\" data-settings=\"{&quot;background_background&quot;:&quot;classic&quot;}\">\n\t\t\t<div class=\"elementor-widget-wrap\">\n\t\t\t\t\t\t\t\t\t<\/div>\n\t\t<\/div>\n\t\t\t\t<div class=\"elementor-column elementor-col-50 elementor-inner-column elementor-element elementor-element-d9ea354\" data-id=\"d9ea354\" data-element_type=\"column\">\n\t\t\t<div class=\"elementor-widget-wrap elementor-element-populated\">\n\t\t\t\t\t\t\t\t<div class=\"elementor-element elementor-element-ea870ad anoCasa elementor-widget elementor-widget-heading\" data-id=\"ea870ad\" data-element_type=\"widget\" data-widget_type=\"heading.default\">\n\t\t\t\t<div class=\"elementor-widget-container\">\n\t\t\t<h2 class=\"elementor-heading-title elementor-size-default\">1858<\/h2>\t\t<\/div>\n\t\t\t\t<\/div>\n\t\t\t\t<div class=\"elementor-element elementor-element-a083874 elementor-widget elementor-widget-image\" data-id=\"a083874\" data-element_type=\"widget\" data-widget_type=\"image.default\">\n\t\t\t\t<div class=\"elementor-widget-container\">\n\t\t\t\t\t\t\t\t\t\t\t\t\t\t\t<img loading=\"lazy\" decoding=\"async\" width=\"759\" height=\"434\" src=\"https:\/\/www.santosmolduras.pt\/wp-content\/uploads\/2022\/03\/Group-173.png\" class=\"attachment-large size-large\" alt=\"\" srcset=\"https:\/\/www.santosmolduras.pt\/wp-content\/uploads\/2022\/03\/Group-173.png 759w, https:\/\/www.santosmolduras.pt\/wp-content\/uploads\/2022\/03\/Group-173-300x172.png 300w, https:\/\/www.santosmolduras.pt\/wp-content\/uploads\/2022\/03\/Group-173-600x343.png 600w\" sizes=\"auto, (max-width: 759px) 100vw, 759px\" \/>\t\t\t\t\t\t\t\t\t\t\t\t\t\t\t<\/div>\n\t\t\t\t<\/div>\n\t\t\t\t<div class=\"elementor-element elementor-element-0820a82 elementor-widget elementor-widget-heading\" data-id=\"0820a82\" data-element_type=\"widget\" data-widget_type=\"heading.default\">\n\t\t\t\t<div class=\"elementor-widget-container\">\n\t\t\t<h2 class=\"elementor-heading-title elementor-size-default\">Jos\u00e9 dos Santos, estudiante de la Academia de Bellas Artes de Oporto, no ten\u00eda ning\u00fan taller en la ciudad de Oporto donde pudiera encargar los marcos para sus piezas. Por lo tanto, empez\u00f3 a fabricar sus propios modelos, inspir\u00e1ndose en los marcos franceses, ingleses y holandeses que se produc\u00edan en esa \u00e9poca.<br><br>Su arte y ingenio fueron r\u00e1pidamente aclamados y admirados por sus compa\u00f1eros artistas. Los pedidos no tardaron en llegar y nuestro fundador Jos\u00e9 dos Santos se uni\u00f3 a su hermano, Ant\u00f3nio dos Santos, para fundar el primer taller de marcos en Oporto y en todo el norte de Portugal.<\/h2>\t\t<\/div>\n\t\t\t\t<\/div>\n\t\t\t\t<div class=\"elementor-element elementor-element-88153f2 anoCasa elementor-widget elementor-widget-heading\" data-id=\"88153f2\" data-element_type=\"widget\" data-widget_type=\"heading.default\">\n\t\t\t\t<div class=\"elementor-widget-container\">\n\t\t\t<h2 class=\"elementor-heading-title elementor-size-default\">1900<\/h2>\t\t<\/div>\n\t\t\t\t<\/div>\n\t\t\t\t<div class=\"elementor-element elementor-element-299e215 elementor-widget elementor-widget-heading\" data-id=\"299e215\" data-element_type=\"widget\" data-widget_type=\"heading.default\">\n\t\t\t\t<div class=\"elementor-widget-container\">\n\t\t\t<h2 class=\"elementor-heading-title elementor-size-default\">Nuestra casa particip\u00f3 en la Exposici\u00f3n Universal de Par\u00eds, ganando la medalla de bronce \u201cpor los marcos presentados\u201d<\/h2>\t\t<\/div>\n\t\t\t\t<\/div>\n\t\t\t\t<div class=\"elementor-element elementor-element-0c0fe18 anoCasa elementor-widget elementor-widget-heading\" data-id=\"0c0fe18\" data-element_type=\"widget\" data-widget_type=\"heading.default\">\n\t\t\t\t<div class=\"elementor-widget-container\">\n\t\t\t<h2 class=\"elementor-heading-title elementor-size-default\">1904<\/h2>\t\t<\/div>\n\t\t\t\t<\/div>\n\t\t\t\t<div class=\"elementor-element elementor-element-f4369f9 elementor-widget elementor-widget-heading\" data-id=\"f4369f9\" data-element_type=\"widget\" data-widget_type=\"heading.default\">\n\t\t\t\t<div class=\"elementor-widget-container\">\n\t\t\t<h2 class=\"elementor-heading-title elementor-size-default\">Muere el responsable de la fundaci\u00f3n de nuestra casa, seguido 4 a\u00f1os despu\u00e9s por su hermano.<\/h2>\t\t<\/div>\n\t\t\t\t<\/div>\n\t\t\t\t<div class=\"elementor-element elementor-element-48d8383 anoCasa elementor-widget elementor-widget-heading\" data-id=\"48d8383\" data-element_type=\"widget\" data-widget_type=\"heading.default\">\n\t\t\t\t<div class=\"elementor-widget-container\">\n\t\t\t<h2 class=\"elementor-heading-title elementor-size-default\">1910<\/h2>\t\t<\/div>\n\t\t\t\t<\/div>\n\t\t\t\t<div class=\"elementor-element elementor-element-712d3a4 elementor-widget elementor-widget-image\" data-id=\"712d3a4\" data-element_type=\"widget\" data-widget_type=\"image.default\">\n\t\t\t\t<div class=\"elementor-widget-container\">\n\t\t\t\t\t\t\t\t\t\t\t\t\t\t\t<img loading=\"lazy\" decoding=\"async\" width=\"759\" height=\"434\" src=\"https:\/\/www.santosmolduras.pt\/wp-content\/uploads\/2022\/03\/Group-179-1.png\" class=\"attachment-large size-large\" alt=\"\" srcset=\"https:\/\/www.santosmolduras.pt\/wp-content\/uploads\/2022\/03\/Group-179-1.png 759w, https:\/\/www.santosmolduras.pt\/wp-content\/uploads\/2022\/03\/Group-179-1-300x172.png 300w, https:\/\/www.santosmolduras.pt\/wp-content\/uploads\/2022\/03\/Group-179-1-600x343.png 600w\" sizes=\"auto, (max-width: 759px) 100vw, 759px\" \/>\t\t\t\t\t\t\t\t\t\t\t\t\t\t\t<\/div>\n\t\t\t\t<\/div>\n\t\t\t\t<div class=\"elementor-element elementor-element-4c23f5e elementor-widget elementor-widget-heading\" data-id=\"4c23f5e\" data-element_type=\"widget\" data-widget_type=\"heading.default\">\n\t\t\t\t<div class=\"elementor-widget-container\">\n\t\t\t<h2 class=\"elementor-heading-title elementor-size-default\">Se inaugura el Pal\u00e1cio da Bolsa, cuyos detalles dorados con hoja de oro en el interior son realizados por nuestra casa (donde se destaca el Sal\u00f3n \u00c1rabe). Por supuesto, los marcos que todav\u00eda se pueden ver hoy en este edificio ic\u00f3nico de Oporto tambi\u00e9n son fabricados por nuestro taller.\n<\/h2>\t\t<\/div>\n\t\t\t\t<\/div>\n\t\t\t\t<div class=\"elementor-element elementor-element-e5a0e81 anoCasa elementor-widget elementor-widget-heading\" data-id=\"e5a0e81\" data-element_type=\"widget\" data-widget_type=\"heading.default\">\n\t\t\t\t<div class=\"elementor-widget-container\">\n\t\t\t<h2 class=\"elementor-heading-title elementor-size-default\">1920<\/h2>\t\t<\/div>\n\t\t\t\t<\/div>\n\t\t\t\t<div class=\"elementor-element elementor-element-f235f1d elementor-widget elementor-widget-image\" data-id=\"f235f1d\" data-element_type=\"widget\" data-widget_type=\"image.default\">\n\t\t\t\t<div class=\"elementor-widget-container\">\n\t\t\t\t\t\t\t\t\t\t\t\t\t\t\t<img decoding=\"async\" src=\"https:\/\/wp.webcomum.com\/santoseirmaos\/wp-content\/uploads\/2022\/03\/Group-180-1.png\" title=\"\" alt=\"\" \/>\t\t\t\t\t\t\t\t\t\t\t\t\t\t\t<\/div>\n\t\t\t\t<\/div>\n\t\t\t\t<div class=\"elementor-element elementor-element-f9d1e50 elementor-widget elementor-widget-heading\" data-id=\"f9d1e50\" data-element_type=\"widget\" data-widget_type=\"heading.default\">\n\t\t\t\t<div class=\"elementor-widget-container\">\n\t\t\t<h2 class=\"elementor-heading-title elementor-size-default\">Se inaugura el edificio Passos do Concelho, futuro local del Ayuntamiento de Oporto, cuyos detalles en hoja de oro del Sal\u00e3o Nobre y del Sal\u00e3o dos Passos Perdidos son ejecutados por nuestros artesanos.<\/h2>\t\t<\/div>\n\t\t\t\t<\/div>\n\t\t\t\t<div class=\"elementor-element elementor-element-d135a1c anoCasa elementor-widget elementor-widget-heading\" data-id=\"d135a1c\" data-element_type=\"widget\" data-widget_type=\"heading.default\">\n\t\t\t\t<div class=\"elementor-widget-container\">\n\t\t\t<h2 class=\"elementor-heading-title elementor-size-default\">1926<\/h2>\t\t<\/div>\n\t\t\t\t<\/div>\n\t\t\t\t<div class=\"elementor-element elementor-element-91d58b2 elementor-widget elementor-widget-heading\" data-id=\"91d58b2\" data-element_type=\"widget\" data-widget_type=\"heading.default\">\n\t\t\t\t<div class=\"elementor-widget-container\">\n\t\t\t<h2 class=\"elementor-heading-title elementor-size-default\">Nuestra casa recibe la Medalla de Oro por su participaci\u00f3n en la Exposici\u00f3n Industrial Portuguesa, realizada en el Palacio de Cristal.<\/h2>\t\t<\/div>\n\t\t\t\t<\/div>\n\t\t\t\t<div class=\"elementor-element elementor-element-4bc9bde anoCasa elementor-widget elementor-widget-heading\" data-id=\"4bc9bde\" data-element_type=\"widget\" data-widget_type=\"heading.default\">\n\t\t\t\t<div class=\"elementor-widget-container\">\n\t\t\t<h2 class=\"elementor-heading-title elementor-size-default\">1931<\/h2>\t\t<\/div>\n\t\t\t\t<\/div>\n\t\t\t\t<div class=\"elementor-element elementor-element-41115b0 elementor-widget elementor-widget-heading\" data-id=\"41115b0\" data-element_type=\"widget\" data-widget_type=\"heading.default\">\n\t\t\t\t<div class=\"elementor-widget-container\">\n\t\t\t<h2 class=\"elementor-heading-title elementor-size-default\">Se inaugura la escultura de Henrique Moreira, Abund\u00e2ncia, ubicada en la Avenida dos Aliados, completamente dorada por los artesanos de nuestra casa. Hoy todav\u00eda es posible ver lo que queda de esta obra, aunque en gran parte ha sido eliminada por el tiempo.\n<\/h2>\t\t<\/div>\n\t\t\t\t<\/div>\n\t\t\t\t<div class=\"elementor-element elementor-element-e29c760 anoCasa elementor-widget elementor-widget-heading\" data-id=\"e29c760\" data-element_type=\"widget\" data-widget_type=\"heading.default\">\n\t\t\t\t<div class=\"elementor-widget-container\">\n\t\t\t<h2 class=\"elementor-heading-title elementor-size-default\">1933<\/h2>\t\t<\/div>\n\t\t\t\t<\/div>\n\t\t\t\t<div class=\"elementor-element elementor-element-d902c51 elementor-widget elementor-widget-heading\" data-id=\"d902c51\" data-element_type=\"widget\" data-widget_type=\"heading.default\">\n\t\t\t\t<div class=\"elementor-widget-container\">\n\t\t\t<h2 class=\"elementor-heading-title elementor-size-default\">La casa recibe el Diploma de Honor por su participaci\u00f3n en la Gran Exposici\u00f3n del Norte de Portugal<\/h2>\t\t<\/div>\n\t\t\t\t<\/div>\n\t\t\t\t<div class=\"elementor-element elementor-element-5877fec anoCasa elementor-widget elementor-widget-heading\" data-id=\"5877fec\" data-element_type=\"widget\" data-widget_type=\"heading.default\">\n\t\t\t\t<div class=\"elementor-widget-container\">\n\t\t\t<h2 class=\"elementor-heading-title elementor-size-default\">1940<\/h2>\t\t<\/div>\n\t\t\t\t<\/div>\n\t\t\t\t<div class=\"elementor-element elementor-element-3e9dae5 elementor-widget elementor-widget-heading\" data-id=\"3e9dae5\" data-element_type=\"widget\" data-widget_type=\"heading.default\">\n\t\t\t\t<div class=\"elementor-widget-container\">\n\t\t\t<h2 class=\"elementor-heading-title elementor-size-default\">Se presenta por primera vez al p\u00fablico el Painel de S\u00e3o Vicente de Fora, descubierto en el Pa\u00e7o Patriarcal del mismo nombre. Para la ocasi\u00f3n se encarga a nuestro taller un marco de madera con acabado de hoja de oro. El marco original se mantuvo hasta finales del siglo XIX. XX, momento en el que fue sustituido por otro.<\/h2>\t\t<\/div>\n\t\t\t\t<\/div>\n\t\t\t\t<div class=\"elementor-element elementor-element-e130850 anoCasa elementor-widget elementor-widget-heading\" data-id=\"e130850\" data-element_type=\"widget\" data-widget_type=\"heading.default\">\n\t\t\t\t<div class=\"elementor-widget-container\">\n\t\t\t<h2 class=\"elementor-heading-title elementor-size-default\">1942<\/h2>\t\t<\/div>\n\t\t\t\t<\/div>\n\t\t\t\t<div class=\"elementor-element elementor-element-5a0d2ca elementor-widget elementor-widget-heading\" data-id=\"5a0d2ca\" data-element_type=\"widget\" data-widget_type=\"heading.default\">\n\t\t\t\t<div class=\"elementor-widget-container\">\n\t\t\t<h2 class=\"elementor-heading-title elementor-size-default\">Se inaugura el Museo Nacional Soares dos Reis con los marcos, fabricados en nuestro taller, que a\u00fan se exhiben en la sala de pintura cl\u00e1sica.<\/h2>\t\t<\/div>\n\t\t\t\t<\/div>\n\t\t\t\t<div class=\"elementor-element elementor-element-c231261 anoCasa elementor-widget elementor-widget-heading\" data-id=\"c231261\" data-element_type=\"widget\" data-widget_type=\"heading.default\">\n\t\t\t\t<div class=\"elementor-widget-container\">\n\t\t\t<h2 class=\"elementor-heading-title elementor-size-default\">1958<\/h2>\t\t<\/div>\n\t\t\t\t<\/div>\n\t\t\t\t<div class=\"elementor-element elementor-element-df8a9f7 elementor-widget elementor-widget-heading\" data-id=\"df8a9f7\" data-element_type=\"widget\" data-widget_type=\"heading.default\">\n\t\t\t\t<div class=\"elementor-widget-container\">\n\t\t\t<h2 class=\"elementor-heading-title elementor-size-default\">La casa Santos & Irm\u00e3os Lda cumple 100 a\u00f1os de existencia y, en esta fecha, organiza una exposici\u00f3n de arte de los grandes maestros de la pintura portuguesa en el extinto Sal\u00e3o Silva Porto, difundida en los medios de comunicaci\u00f3n de la \u00e9poca. Este a\u00f1o, tambi\u00e9n se publica un peque\u00f1o libro titulado \u201cSantos & Irm\u00e3os \u2013 100 Anos de Actividade Industrial\u201d, en el que es posible revisar varios testimonios de distinguidos clientes de la casa, entre los que se encuentran Henrique Medina, J\u00falio Resende, Eduarda Lapa, D\u00f3rdio Gomes o Cl\u00e1udio Carneyro.\n<\/h2>\t\t<\/div>\n\t\t\t\t<\/div>\n\t\t\t\t<div class=\"elementor-element elementor-element-508aed3 anoCasa elementor-widget elementor-widget-heading\" data-id=\"508aed3\" data-element_type=\"widget\" data-widget_type=\"heading.default\">\n\t\t\t\t<div class=\"elementor-widget-container\">\n\t\t\t<h2 class=\"elementor-heading-title elementor-size-default\">1998<\/h2>\t\t<\/div>\n\t\t\t\t<\/div>\n\t\t\t\t<div class=\"elementor-element elementor-element-1587d8d elementor-widget elementor-widget-heading\" data-id=\"1587d8d\" data-element_type=\"widget\" data-widget_type=\"heading.default\">\n\t\t\t\t<div class=\"elementor-widget-container\">\n\t\t\t<h2 class=\"elementor-heading-title elementor-size-default\">La casa participa en la Expo '98 aportando varios paneles para el Pabell\u00f3n de Portugal.<\/h2>\t\t<\/div>\n\t\t\t\t<\/div>\n\t\t\t\t<div class=\"elementor-element elementor-element-cf5580b anoCasa elementor-widget elementor-widget-heading\" data-id=\"cf5580b\" data-element_type=\"widget\" data-widget_type=\"heading.default\">\n\t\t\t\t<div class=\"elementor-widget-container\">\n\t\t\t<h2 class=\"elementor-heading-title elementor-size-default\">2018<\/h2>\t\t<\/div>\n\t\t\t\t<\/div>\n\t\t\t\t<div class=\"elementor-element elementor-element-62f7a96 elementor-widget elementor-widget-heading\" data-id=\"62f7a96\" data-element_type=\"widget\" data-widget_type=\"heading.default\">\n\t\t\t\t<div class=\"elementor-widget-container\">\n\t\t\t<h2 class=\"elementor-heading-title elementor-size-default\">La casa y taller Santos & Irm\u00e3os Lda es distinguida como establecimiento Porto de Tradi\u00e7\u00e3o, con el voto un\u00e1nime de la Asamblea Municipal de Oporto, por la importancia que tuvo, y tiene, en la vida art\u00edstica de la ciudad.<\/h2>\t\t<\/div>\n\t\t\t\t<\/div>\n\t\t\t\t<div class=\"elementor-element elementor-element-ad74976 anoCasa elementor-widget elementor-widget-heading\" data-id=\"ad74976\" data-element_type=\"widget\" data-widget_type=\"heading.default\">\n\t\t\t\t<div class=\"elementor-widget-container\">\n\t\t\t<h2 class=\"elementor-heading-title elementor-size-default\">2019<\/h2>\t\t<\/div>\n\t\t\t\t<\/div>\n\t\t\t\t<div class=\"elementor-element elementor-element-a8bcd7d elementor-widget elementor-widget-heading\" data-id=\"a8bcd7d\" data-element_type=\"widget\" data-widget_type=\"heading.default\">\n\t\t\t\t<div class=\"elementor-widget-container\">\n\t\t\t<h2 class=\"elementor-heading-title elementor-size-default\">Finalizan las obras de recalificaci\u00f3n del edificio original Santos & Irm\u00e3os, ubicado en Travessa de Liceiras. En el mismo a\u00f1o, la marca fue rebautizada, junto con la oficina de Dise\u00f1o Antero Ferreira, ganadora de la Menci\u00f3n de Honor en Dise\u00f1o de Comunicaci\u00f3n y del 2\u00ba Premio de Dise\u00f1o AND, por la Asociaci\u00f3n Nacional de Dise\u00f1adores. A finales de ese a\u00f1o, nuestro escaparate de casa gana el 2\u00ba premio en el concurso de escaparates de Navidad, promovido por el Ayuntamiento de Oporto.<\/h2>\t\t<\/div>\n\t\t\t\t<\/div>\n\t\t\t\t\t<\/div>\n\t\t<\/div>\n\t\t\t\t\t\t\t<\/div>\n\t\t<\/section>\n\t\t\t\t\t<\/div>\n\t\t<\/div>\n\t\t\t\t\t\t\t<\/div>\n\t\t<\/section>\n\t\t\t\t\t\t\t<\/div>\n\t\t","protected":false},"excerpt":{"rendered":"<p>La casa HISTORIA Durante m\u00e1s de un siglo y medio de existencia, nuestra tienda y taller jug\u00f3 un papel decisivo y agregador en el entorno art\u00edstico de la ciudad de Oporto y de todo el norte de Portugal. Frecuentado por artistas de renombre, hubo varios modelos de marcos dise\u00f1ados por ellos para su trabajo, entre [&hellip;]<\/p>\n","protected":false},"author":1,"featured_media":0,"parent":0,"menu_order":0,"comment_status":"closed","ping_status":"closed","template":"","meta":{"footnotes":""},"class_list":["post-1519","page","type-page","status-publish","hentry"],"acf":[],"_links":{"self":[{"href":"https:\/\/www.santosmolduras.pt\/es\/wp-json\/wp\/v2\/pages\/1519","targetHints":{"allow":["GET"]}}],"collection":[{"href":"https:\/\/www.santosmolduras.pt\/es\/wp-json\/wp\/v2\/pages"}],"about":[{"href":"https:\/\/www.santosmolduras.pt\/es\/wp-json\/wp\/v2\/types\/page"}],"author":[{"embeddable":true,"href":"https:\/\/www.santosmolduras.pt\/es\/wp-json\/wp\/v2\/users\/1"}],"replies":[{"embeddable":true,"href":"https:\/\/www.santosmolduras.pt\/es\/wp-json\/wp\/v2\/comments?post=1519"}],"version-history":[{"count":19,"href":"https:\/\/www.santosmolduras.pt\/es\/wp-json\/wp\/v2\/pages\/1519\/revisions"}],"predecessor-version":[{"id":2470,"href":"https:\/\/www.santosmolduras.pt\/es\/wp-json\/wp\/v2\/pages\/1519\/revisions\/2470"}],"wp:attachment":[{"href":"https:\/\/www.santosmolduras.pt\/es\/wp-json\/wp\/v2\/media?parent=1519"}],"curies":[{"name":"wp","href":"https:\/\/api.w.org\/{rel}","templated":true}]}}